{"id":532,"date":"2023-01-18T16:30:58","date_gmt":"2023-01-18T15:30:58","guid":{"rendered":"https:\/\/www.fournierpolymers.com\/f2m\/?page_id=532"},"modified":"2023-01-18T16:44:37","modified_gmt":"2023-01-18T15:44:37","slug":"politique-de-confidentialite","status":"publish","type":"page","link":"https:\/\/www.fournierpolymers.com\/f2m\/politique-de-confidentialite\/","title":{"rendered":"Politique de confidentialit\u00e9"},"content":{"rendered":"<p>[et_pb_section fb_built=&#8221;1&#8243; theme_builder_area=&#8221;post_content&#8221; _builder_version=&#8221;4.19.2&#8243; _module_preset=&#8221;default&#8221;][et_pb_row _builder_version=&#8221;4.19.2&#8243; _module_preset=&#8221;default&#8221; theme_builder_area=&#8221;post_content&#8221;][et_pb_column _builder_version=&#8221;4.19.2&#8243; _module_preset=&#8221;default&#8221; type=&#8221;4_4&#8243; theme_builder_area=&#8221;post_content&#8221;][et_pb_text _builder_version=&#8221;4.19.2&#8243; _module_preset=&#8221;154eb95a-e003-46e5-b213-24ad360a5594&#8243; theme_builder_area=&#8221;post_content&#8221; hover_enabled=&#8221;0&#8243; sticky_enabled=&#8221;0&#8243;]<\/p>\n<header class=\"entry-header\">\n<h1 class=\"entry-title\">Politique de confidentialit\u00e9<\/h1>\n<\/header>\n<div class=\"entry-content clearfix\"><\/div>\n<p>[\/et_pb_text][et_pb_text _builder_version=&#8221;4.19.2&#8243; _module_preset=&#8221;default&#8221; theme_builder_area=&#8221;post_content&#8221; header_2_text_color=&#8221;#E02B20&#8243; hover_enabled=&#8221;0&#8243; sticky_enabled=&#8221;0&#8243;]<\/p>\n<p class=\"has-text-align-left\">La pr\u00e9sente Politique de Confidentialit\u00e9 a \u00e9t\u00e9 d\u00e9velopp\u00e9e en tenant compte de ce qui est \u00e9tabli dans la l\u00e9gislation en vigueur en mati\u00e8re de protection de donn\u00e9es, le r\u00e8glement 2016\/679 du Parlement Europ\u00e9en et du conseil du 27 avril 2016 relatif \u00e0 la protection des personnes physiques en ce qui concerne le traitement des donn\u00e9es personnelles et la circulation de celles-ci, dor\u00e9navant le RGPD.<\/p>\n<p class=\"has-text-align-left\">Cette politique de confidentialit\u00e9 a pour objet de faire conna\u00eetre aux titulaires des donn\u00e9es personnelles dont on recueille les informations les aspects sp\u00e9cifiques relatifs au traitement de leurs donn\u00e9es, entre autres choses les finalit\u00e9s des traitements, les donn\u00e9es de contact pour exercer les droits qui leur reviennent, les d\u00e9lais de conservation des informations et les mesures de s\u00e9curit\u00e9 entre autres.<\/p>\n<h2 class=\"legal-title\"><strong>Responsable du traitement<\/strong><\/h2>\n<p class=\"has-text-align-left\">En termes de protection des donn\u00e9es Fournier doit \u00eatre consid\u00e9r\u00e9 comme Responsable du Traitement, en ce qui concerne les fichiers\/traitements identifi\u00e9s dans cette politique, plus pr\u00e9cis\u00e9ment dans le paragraphe Traitement des donn\u00e9es.<\/p>\n<p class=\"has-text-align-left\">Nous indiquons ci-dessous les donn\u00e9es d\u2019identification du titulaire de ce site web:<\/p>\n<p class=\"has-text-align-left\"><em><strong>Fournier Polymers SAS (France)<\/strong><\/em><\/p>\n<ul>\n<li>65, rue du Dauphin\u00e9<\/li>\n<li>69800 Saint-Priest<\/li>\n<li>T\u00e9l:<span>\u00a0<\/span><a href=\"tel:0472782080\">04 72 78 20 80<\/a><\/li>\n<li>Fax: 04 72 78 20 81<\/li>\n<li>Email:<span>\u00a0<\/span><a href=\"mailto:info@fournierpolymers.com\">info@fournierpolymers.com<\/a><\/li>\n<\/ul>\n<h2 class=\"legal-title\"><strong>Traitement des donn\u00e9es<\/strong><\/h2>\n<p class=\"has-text-align-left\">Les donn\u00e9es \u00e0 caract\u00e8re personnel qui seraient demand\u00e9es, le cas \u00e9ch\u00e9ant, seront uniquement celles strictement indispensables pour identifier et r\u00e9pondre \u00e0 la demande effectu\u00e9e par le titulaire de celles-ci, dor\u00e9navant l\u2019int\u00e9ress\u00e9. Cette information sera trait\u00e9e de mani\u00e8re honn\u00eate, l\u00e9gale et transparente envers l\u2019int\u00e9ress\u00e9. D\u2019autre part, les donn\u00e9es personnelles seront recueillies \u00e0 des fins d\u00e9termin\u00e9es explicites et l\u00e9gitimes, et ne seront pas trait\u00e9es ult\u00e9rieurement de mani\u00e8re incompatible avec ces fins.<\/p>\n<p class=\"has-text-align-left\">Les donn\u00e9es recueillies aupr\u00e8s de chaque int\u00e9ress\u00e9 seront ad\u00e9quates, pertinentes et sans exc\u00e8s par rapport aux finalit\u00e9s correspondant \u00e0 chaque cas, et seront actualis\u00e9es si n\u00e9cessaire.<\/p>\n<p class=\"has-text-align-left\">Le titulaire des donn\u00e9es sera inform\u00e9, pr\u00e9alablement \u00e0 la collecte de ses donn\u00e9es, des aspects g\u00e9n\u00e9raux r\u00e9gul\u00e9s dans cette politique afin qu\u2019il puisse donner son consentement expr\u00e8s, pr\u00e9cis et sans \u00e9quivoque pour le traitement de ses donn\u00e9es, conform\u00e9ment aux aspects suivants.<\/p>\n<h2 class=\"legal-title\"><strong><em>Finalit\u00e9s du traitement<\/em><\/strong><\/h2>\n<p class=\"has-text-align-left\">Les finalit\u00e9s explicites pour lesquelles on effectue chaque traitement sont recueillies dans les clauses d\u2019information int\u00e9gr\u00e9es \u00e0 chaque \u00e9tape de la demande de donn\u00e9es (formulaires web, formulaires sur papier, contrats, affiches et notes d\u2019information).<\/p>\n<p class=\"has-text-align-left\">Cependant, en g\u00e9n\u00e9ral la collecte et le traitement des donn\u00e9es a pour finalit\u00e9 :<\/p>\n<ul>\n<li>Le maintien de la relation contractuelle \u00e9tablie entre le titulaire des donn\u00e9es et CHEMIEURO.<\/li>\n<li>L\u2019ex\u00e9cution, le maintien et la gestion de toutes relations qui pourraient \u00eatre \u00e9tablies entre CHEMIEURO et le Titulaire des Donn\u00e9es : commerciales, administratives, comptables, professionnelles, de marketing (prospection et promotion commerciales), de ressources humaines, de formation et de toute autre prestation de services qui serait demand\u00e9e \u00e0 CHEMIEURO par le titulaire des donn\u00e9es.<\/li>\n<li>Disposer de donn\u00e9es de candidats qui ont choisi de participer \u00e0 des processus de s\u00e9lection promus par CHEMIEURO.<\/li>\n<li>L\u2019envoi d\u2019informations techniques, op\u00e9ratives, publicitaires, promotionnelles, relatives aux propres produits de CHEMIEURO, \u00e0 condition qu\u2019il ait donn\u00e9 son consentement pour cela ou bien qu\u2019il existe une relation commerciale\/contractuelle pr\u00e9alable avec la personne juridique ou le professionnel et que cela concerne l\u2019envoi de communications commerciales relatives \u00e0 des produits ou des services similaires \u00e0 ceux qui ont \u00e9t\u00e9 initialement l\u2019objet d\u2019engagement avec le client (article 21.2 de la Loi 34\/2002, du 11 juillet, de Services de la Soci\u00e9t\u00e9 de l\u2019Information et du Commerce \u00c9lectronique).<\/li>\n<\/ul>\n<p class=\"has-text-align-left\">Elles ne seront en aucun cas utilis\u00e9es dans d\u2019autres buts que ceux pour lesquels elles ont \u00e9t\u00e9 recueillies.<\/p>\n<h2 class=\"legal-title\"><strong><em>L\u00e9gitimation<\/em><\/strong><\/h2>\n<p class=\"has-text-align-left\">En r\u00e8gle g\u00e9n\u00e9rale, avant le traitement des donn\u00e9es \u00e0 caract\u00e8re personnel, CHEMIEURO obtient le consentement sans \u00e9quivoque du titulaire de celles-ci, par l\u2019introduction de clauses de consentement \u00e9clair\u00e9 dans les diff\u00e9rents syst\u00e8mes de recueil d\u2019information.<\/p>\n<p class=\"has-text-align-left\">Cependant, dans les cas o\u00f9 le consentement de l\u2019int\u00e9ress\u00e9 ne serait pas requis, la base l\u00e9gitime du traitement de laquelle se pr\u00e9vaut CHEMIEURO, est l\u2019ex\u00e9cution de la relation contractuelle \u00e9tablie, notre int\u00e9r\u00eat l\u00e9gitime dans le d\u00e9veloppement de l\u2019activit\u00e9, dans le cas de la promotion et prospection commerciales ou l\u2019application d\u2019une loi autorisant ou exigeant le traitement des donn\u00e9es de l\u2019int\u00e9ress\u00e9.<\/p>\n<p class=\"has-text-align-left\">Si votre consentement a \u00e9t\u00e9 demand\u00e9 pour l\u2019un des traitements que nous allons r\u00e9aliser (l\u2019envoi d\u2019informations par exemple), nous vous indiquons que vous pourrez le retirer \u00e0 n\u2019importe quel moment.<\/p>\n<h2 class=\"legal-title\"><strong><em>Destinataires<\/em><\/strong><\/h2>\n<p class=\"has-text-align-left\">En r\u00e8gle g\u00e9n\u00e9rale, CHEMIEURO ne transmettra vos donn\u00e9es personnelles \u00e0 aucun tiers, \u00e0 moins que le Titulaire ait donn\u00e9 son consentement \u00e0 cet effet ou lorsque la cession est l\u00e9galement autoris\u00e9e.<\/p>\n<p class=\"has-text-align-left\">Cependant vous pouvez vous renseigner sur vos donn\u00e9es \u00e0 caract\u00e8re personnel aupr\u00e8s des entreprises du Groupe Chemieuro ou entreprises associ\u00e9es, en nous pr\u00e9valant du fait que la communication a pour but l\u2019application des finalit\u00e9s directement li\u00e9es aux fonctions l\u00e9gitimes du c\u00e9dant et du cessionnaire, et parce qu\u2019elle est n\u00e9cessaire pour la prestation du service ou de la fourniture des biens.<\/p>\n<h2 class=\"legal-title\"><strong><em>D\u00e9lais de conservation<\/em><\/strong><\/h2>\n<p class=\"has-text-align-left\">Les informations recueillies de l\u2019int\u00e9ress\u00e9 seront conserv\u00e9es aussi longtemps que n\u00e9cessaire pour atteindre l\u2019objectif pour lequel ont \u00e9t\u00e9 recueillies les donn\u00e9es personnelles, de sorte que, une fois l\u2019objectif atteint, elles seront \u00e9limin\u00e9es. Cette \u00e9limination entra\u00eenera le blocage des donn\u00e9es en les conservant uniquement pour les mettre \u00e0 la disposition des autorit\u00e9s, juges et tribunaux, pour faire valoir les \u00e9ventuelles responsabilit\u00e9s issues du traitement, durant le d\u00e9lai de leur prescription. La destruction de ces donn\u00e9es aura lieu au terme de ce d\u00e9lai.<\/p>\n<p class=\"has-text-align-left\">\u00c0 titre informatif, voici les d\u00e9lais l\u00e9gaux de conservation de l\u2019information en fonction des diff\u00e9rentes mati\u00e8res :<\/p>\n<figure class=\"wp-block-table\">\n<table>\n<tbody>\n<tr>\n<td>DOCUMENT<\/td>\n<td>D\u00c9LAI<\/td>\n<td>R\u00c9F. L\u00c9GALE<\/td>\n<\/tr>\n<tr>\n<td>Documentation \u00e0 caract\u00e8re professionnel ou relative \u00e0 la s\u00e9curit\u00e9 sociale<\/td>\n<td>4 ans<\/td>\n<td>Article 21 du D\u00e9cret Royal L\u00e9gislatif 5\/2000 du 4 ao\u00fbt, par lequel est approuv\u00e9 le texte r\u00e9vis\u00e9 de la Loi sur les Infractions et les Sanctions dans l\u2019Ordre Social.<\/td>\n<\/tr>\n<tr>\n<td>Documentation comptable et fiscale aux effets mercantile<\/td>\n<td>6 ans<\/td>\n<td>Art. 30 Code Commerce.<\/td>\n<\/tr>\n<tr>\n<td>Documentation comptable et fiscale aux effets fiscaux<\/td>\n<td>4 ans<\/td>\n<td>Article 66 et 70 Loi G\u00e9n\u00e9rale Tributaire.<\/td>\n<\/tr>\n<tr>\n<td>Donn\u00e9es de CV (candidats)<\/td>\n<td>2 ans<\/td>\n<td>Non applicable<\/td>\n<\/tr>\n<\/tbody>\n<\/table>\n<\/figure>\n<h2 class=\"legal-title\"><strong>Donn\u00e9es de navigation<\/strong><\/h2>\n<p class=\"has-text-align-left\">En ce qui concerne les donn\u00e9es de navigation pouvant \u00eatre trait\u00e9es par le biais du site web, dans le cas o\u00f9 des donn\u00e9es soumises \u00e0 la normative seraient collect\u00e9es, il est recommand\u00e9 de consulter la Politique des cookies publi\u00e9e sur notre site web.<\/p>\n<h2 class=\"legal-title\"><strong>Droits des int\u00e9ress\u00e9s<\/strong><\/h2>\n<p class=\"has-text-align-left\">La l\u00e9gislation, en mati\u00e8re de protection des donn\u00e9es, pr\u00e9voit une s\u00e9rie de droits aux int\u00e9ress\u00e9s ou titulaires des donn\u00e9es. Ces droits, revenant aux personnes int\u00e9ress\u00e9es, sont les suivants :<\/p>\n<ul>\n<li><em>Droit d\u2019acc\u00e8s\u00a0: droit \u00e0 obtenir des informations si leurs propres donn\u00e9es font l\u2019objet de traitement, sur la finalit\u00e9 du traitement r\u00e9alis\u00e9, les cat\u00e9gories de donn\u00e9es, les destinataires ou les cat\u00e9gories de destinataires, le d\u00e9lai de conservation et l\u2019origine de ces donn\u00e9es.<\/em><\/li>\n<li><em>Droits de rectification\u00a0: droit \u00e0 obtenir la rectification des donn\u00e9es \u00e0 caract\u00e8re personnel inexactes ou incompl\u00e8tes.<\/em><\/li>\n<li><em>Droit de suppression\u00a0: droit \u00e0 obtenir la suppression des donn\u00e9es dans les cas suivants:Lorsque les donn\u00e9es ne sont plus n\u00e9cessaires pour le but dans lequel elles avaient \u00e9t\u00e9 recueillies.<\/em>\n<ul>\n<li><em>Lorsque le titulaire de ces donn\u00e9es retire le consentement<\/em><\/li>\n<li><em>Lorsque l\u2019int\u00e9ress\u00e9 s\u2019oppose au traitement<\/em><\/li>\n<li><em>Lorsqu\u2019elles doivent \u00eatre supprim\u00e9es conform\u00e9ment \u00e0 une obligation l\u00e9gale<\/em><\/li>\n<li><em>Lorsque les donn\u00e9es auront \u00e9t\u00e9 obtenues en vertu d\u2019un service de soci\u00e9t\u00e9 de l\u2019information selon les dispositions de l\u2019art. 8 paragraphe 1 du R\u00e8glement Europ\u00e9en sur la Protection des donn\u00e9es.<\/em><\/li>\n<\/ul>\n<\/li>\n<li><em>Droits d\u2019opposition\u00a0: droit \u00e0 s\u2019opposer \u00e0 un traitement d\u00e9termin\u00e9 bas\u00e9 sur le consentement de l\u2019int\u00e9ress\u00e9.<\/em><\/li>\n<li><em>Droit de limitation\u00a0: droit \u00e0 obtenir la limitation du traitement des donn\u00e9es dans un des cas suivants :Lorsque l\u2019int\u00e9ress\u00e9 conteste l\u2019exactitude des donn\u00e9es personnelles, durant un d\u00e9lai permettant \u00e0 l\u2019entreprise de v\u00e9rifier l\u2019exactitude de celles-ci.<\/em>\n<ul>\n<li><em>Lorsque le traitement sera illicite et que l\u2019int\u00e9ress\u00e9 exigera la suppression des donn\u00e9es.<\/em><\/li>\n<li><em>Lorsque l\u2019entreprise n\u2019aura plus besoin des donn\u00e9es aux fins pour lesquelles elles ont \u00e9t\u00e9 collect\u00e9es, mais que l\u2019int\u00e9ress\u00e9 en a besoin pour la formulation, l\u2019exercice ou la d\u00e9fense de r\u00e9clamations.<\/em><\/li>\n<li><em>Lorsque l\u2019int\u00e9ress\u00e9 se sera oppos\u00e9 au traitement le temps de v\u00e9rifier si les raisons l\u00e9gitimes de l\u2019entreprise pr\u00e9valent sur ceux de l\u2019int\u00e9ress\u00e9.<\/em><\/li>\n<\/ul>\n<\/li>\n<\/ul>\n<ul>\n<li><em>Droit \u00e0 la portabilit\u00e9\u00a0: droit \u00e0 obtenir les donn\u00e9es en format structur\u00e9, d\u2019usage commun et de lecture m\u00e9canique, et \u00e0 les transmettre \u00e0 un autre responsable du traitement lorsque :<\/em>\n<ul>\n<li><em>Le traitement est bas\u00e9 sur le consentement<\/em><\/li>\n<li><em>Le traitement s\u2019effectue par des moyens automatis\u00e9s<\/em><\/li>\n<\/ul>\n<\/li>\n<li><em>Droit \u00e0 pr\u00e9senter une r\u00e9clamation\u00a0devant l\u2019autorit\u00e9 de contr\u00f4le comp\u00e9tente.<\/em><\/li>\n<\/ul>\n<p class=\"has-text-align-left\">Les int\u00e9ress\u00e9s pourront exercer leurs droits indiqu\u00e9s, en s\u2019adressant \u00e0 Fournier Polymers SAS<strong>\u00a0<\/strong>, par \u00e9crit \u00e0 l\u2019adresse suivante : 65, rue du Dauphin\u00e9 69800 Saint-Priest ou \u00e0 l\u2019adresse de courrier \u00e9lectronique<span>\u00a0<\/span><a href=\"mailto:info@fournierpolymers.com\">info@fournierpolymers.com<\/a>, en joignant dans tous les cas une photocopie de la carte d\u2019identit\u00e9 ou document \u00e9quivalente valable en droit permettant d\u2019accr\u00e9diter son identit\u00e9.<\/p>\n<p class=\"has-text-align-left\">Fournier r\u00e9pondra \u00e0 sa demande dans les plus brefs d\u00e9lais et en tenant compte des d\u00e9lais pr\u00e9vus dans la l\u00e9gislation en mati\u00e8re de protection des donn\u00e9es.Chemieuro will respond to your request as soon as possible and within the deadlines established in the data protection regulations.<\/p>\n<h2 class=\"legal-title\"><strong>S\u00e9curit\u00e9<\/strong><\/h2>\n<p class=\"has-text-align-left\">Les mesures de s\u00e9curit\u00e9 adopt\u00e9es par Fournier sont celles requises, conform\u00e9ment aux dispositions de l\u2019article 32 du RGDP. Dans ce sens, tenant compte de l\u2019\u00e9tat de la technique, des co\u00fbts d\u2019application et de la nature, de l\u2019\u00e9tendue, du contexte et des fins du traitement, ainsi que des risques de probabilit\u00e9 de gravit\u00e9 variables pour les droits et les libert\u00e9s des personnes physiques ; les mesures techniques et organisatrices appropri\u00e9es ont \u00e9t\u00e9 \u00e9tablies pour garantir le niveau de s\u00e9curit\u00e9 ad\u00e9quat au risque existant.<\/p>\n<p class=\"has-text-align-left\">Dans tous les cas, Fournier a impl\u00e9ment\u00e9 les m\u00e9canismes suffisants pour :<\/p>\n<ul>\n<li>Garantir la confidentialit\u00e9, l\u2019int\u00e9grit\u00e9, la disponibilit\u00e9 et la r\u00e9silience permanentes des syst\u00e8mes et services de traitement.<\/li>\n<li>Restaurer rapidement la disponibilit\u00e9 et l\u2019acc\u00e8s aux donn\u00e9es \u00e0 caract\u00e8re personnel, en cas d\u2019incident physique ou technique.<\/li>\n<li>V\u00e9rifier, \u00e9valuer et analyser, de fa\u00e7on r\u00e9guli\u00e8re, l\u2019efficacit\u00e9 des mesures techniques et organisatrices implant\u00e9es afin de garantir la s\u00e9curit\u00e9 du traitement.<\/li>\n<li>Pseudonymiser et chiffrer les donn\u00e9es \u00e0 caract\u00e8re personnel, le cas \u00e9ch\u00e9ant.<\/li>\n<\/ul>\n<ul><\/ul>\n<p>[\/et_pb_text][\/et_pb_column][\/et_pb_row][\/et_pb_section]<\/p>\n","protected":false},"excerpt":{"rendered":"<p>Politique de confidentialit\u00e9 La pr\u00e9sente Politique de Confidentialit\u00e9 a \u00e9t\u00e9 d\u00e9velopp\u00e9e en tenant compte de ce qui est \u00e9tabli dans la l\u00e9gislation en vigueur en mati\u00e8re de protection de donn\u00e9es, le r\u00e8glement 2016\/679 du Parlement Europ\u00e9en et du conseil du 27 avril 2016 relatif \u00e0 la protection des personnes physiques en ce qui concerne le [&hellip;]<\/p>\n","protected":false},"author":1,"featured_media":0,"parent":0,"menu_order":0,"comment_status":"closed","ping_status":"closed","template":"","meta":{"_et_pb_use_builder":"on","_et_pb_old_content":"","_et_gb_content_width":"","inline_featured_image":false,"footnotes":""},"class_list":["post-532","page","type-page","status-publish","hentry"],"yoast_head":"<!-- This site is optimized with the Yoast SEO plugin v27.2 - https:\/\/yoast.com\/product\/yoast-seo-wordpress\/ -->\n<title>Politique de confidentialit\u00e9 - Fournier Polymers - F2M<\/title>\n<meta name=\"robots\" content=\"index, follow, max-snippet:-1, max-image-preview:large, max-video-preview:-1\" \/>\n<link rel=\"canonical\" href=\"https:\/\/www.fournierpolymers.com\/f2m\/politique-de-confidentialite\/\" \/>\n<meta property=\"og:locale\" content=\"en_GB\" \/>\n<meta property=\"og:type\" content=\"article\" \/>\n<meta property=\"og:title\" content=\"Politique de confidentialit\u00e9 - Fournier Polymers - F2M\" \/>\n<meta property=\"og:description\" content=\"Politique de confidentialit\u00e9 La pr\u00e9sente Politique de Confidentialit\u00e9 a \u00e9t\u00e9 d\u00e9velopp\u00e9e en tenant compte de ce qui est \u00e9tabli dans la l\u00e9gislation en vigueur en mati\u00e8re de protection de donn\u00e9es, le r\u00e8glement 2016\/679 du Parlement Europ\u00e9en et du conseil du 27 avril 2016 relatif \u00e0 la protection des personnes physiques en ce qui concerne le [&hellip;]\" \/>\n<meta property=\"og:url\" content=\"https:\/\/www.fournierpolymers.com\/f2m\/politique-de-confidentialite\/\" \/>\n<meta property=\"og:site_name\" content=\"Fournier Polymers - F2M\" \/>\n<meta property=\"article:modified_time\" content=\"2023-01-18T15:44:37+00:00\" \/>\n<meta name=\"twitter:card\" content=\"summary_large_image\" \/>\n<meta name=\"twitter:label1\" content=\"Estimated reading time\" \/>\n\t<meta name=\"twitter:data1\" content=\"10 minutes\" \/>\n<script type=\"application\/ld+json\" class=\"yoast-schema-graph\">{\"@context\":\"https:\/\/schema.org\",\"@graph\":[{\"@type\":\"WebPage\",\"@id\":\"https:\/\/www.fournierpolymers.com\/f2m\/politique-de-confidentialite\/\",\"url\":\"https:\/\/www.fournierpolymers.com\/f2m\/politique-de-confidentialite\/\",\"name\":\"Politique de confidentialit\u00e9 - Fournier Polymers - F2M\",\"isPartOf\":{\"@id\":\"https:\/\/www.fournierpolymers.com\/f2m\/#website\"},\"datePublished\":\"2023-01-18T15:30:58+00:00\",\"dateModified\":\"2023-01-18T15:44:37+00:00\",\"breadcrumb\":{\"@id\":\"https:\/\/www.fournierpolymers.com\/f2m\/politique-de-confidentialite\/#breadcrumb\"},\"inLanguage\":\"en-GB\",\"potentialAction\":[{\"@type\":\"ReadAction\",\"target\":[\"https:\/\/www.fournierpolymers.com\/f2m\/politique-de-confidentialite\/\"]}]},{\"@type\":\"BreadcrumbList\",\"@id\":\"https:\/\/www.fournierpolymers.com\/f2m\/politique-de-confidentialite\/#breadcrumb\",\"itemListElement\":[{\"@type\":\"ListItem\",\"position\":1,\"name\":\"Home\",\"item\":\"https:\/\/www.fournierpolymers.com\/f2m\/en\/home\/\"},{\"@type\":\"ListItem\",\"position\":2,\"name\":\"Politique de confidentialit\u00e9\"}]},{\"@type\":\"WebSite\",\"@id\":\"https:\/\/www.fournierpolymers.com\/f2m\/#website\",\"url\":\"https:\/\/www.fournierpolymers.com\/f2m\/\",\"name\":\"Fournier Polymers - F2M\",\"description\":\"\",\"potentialAction\":[{\"@type\":\"SearchAction\",\"target\":{\"@type\":\"EntryPoint\",\"urlTemplate\":\"https:\/\/www.fournierpolymers.com\/f2m\/?s={search_term_string}\"},\"query-input\":{\"@type\":\"PropertyValueSpecification\",\"valueRequired\":true,\"valueName\":\"search_term_string\"}}],\"inLanguage\":\"en-GB\"}]}<\/script>\n<!-- \/ Yoast SEO plugin. -->","yoast_head_json":{"title":"Politique de confidentialit\u00e9 - Fournier Polymers - F2M","robots":{"index":"index","follow":"follow","max-snippet":"max-snippet:-1","max-image-preview":"max-image-preview:large","max-video-preview":"max-video-preview:-1"},"canonical":"https:\/\/www.fournierpolymers.com\/f2m\/politique-de-confidentialite\/","og_locale":"en_GB","og_type":"article","og_title":"Politique de confidentialit\u00e9 - Fournier Polymers - F2M","og_description":"Politique de confidentialit\u00e9 La pr\u00e9sente Politique de Confidentialit\u00e9 a \u00e9t\u00e9 d\u00e9velopp\u00e9e en tenant compte de ce qui est \u00e9tabli dans la l\u00e9gislation en vigueur en mati\u00e8re de protection de donn\u00e9es, le r\u00e8glement 2016\/679 du Parlement Europ\u00e9en et du conseil du 27 avril 2016 relatif \u00e0 la protection des personnes physiques en ce qui concerne le [&hellip;]","og_url":"https:\/\/www.fournierpolymers.com\/f2m\/politique-de-confidentialite\/","og_site_name":"Fournier Polymers - F2M","article_modified_time":"2023-01-18T15:44:37+00:00","twitter_card":"summary_large_image","twitter_misc":{"Estimated reading time":"10 minutes"},"schema":{"@context":"https:\/\/schema.org","@graph":[{"@type":"WebPage","@id":"https:\/\/www.fournierpolymers.com\/f2m\/politique-de-confidentialite\/","url":"https:\/\/www.fournierpolymers.com\/f2m\/politique-de-confidentialite\/","name":"Politique de confidentialit\u00e9 - Fournier Polymers - F2M","isPartOf":{"@id":"https:\/\/www.fournierpolymers.com\/f2m\/#website"},"datePublished":"2023-01-18T15:30:58+00:00","dateModified":"2023-01-18T15:44:37+00:00","breadcrumb":{"@id":"https:\/\/www.fournierpolymers.com\/f2m\/politique-de-confidentialite\/#breadcrumb"},"inLanguage":"en-GB","potentialAction":[{"@type":"ReadAction","target":["https:\/\/www.fournierpolymers.com\/f2m\/politique-de-confidentialite\/"]}]},{"@type":"BreadcrumbList","@id":"https:\/\/www.fournierpolymers.com\/f2m\/politique-de-confidentialite\/#breadcrumb","itemListElement":[{"@type":"ListItem","position":1,"name":"Home","item":"https:\/\/www.fournierpolymers.com\/f2m\/en\/home\/"},{"@type":"ListItem","position":2,"name":"Politique de confidentialit\u00e9"}]},{"@type":"WebSite","@id":"https:\/\/www.fournierpolymers.com\/f2m\/#website","url":"https:\/\/www.fournierpolymers.com\/f2m\/","name":"Fournier Polymers - F2M","description":"","potentialAction":[{"@type":"SearchAction","target":{"@type":"EntryPoint","urlTemplate":"https:\/\/www.fournierpolymers.com\/f2m\/?s={search_term_string}"},"query-input":{"@type":"PropertyValueSpecification","valueRequired":true,"valueName":"search_term_string"}}],"inLanguage":"en-GB"}]}},"_links":{"self":[{"href":"https:\/\/www.fournierpolymers.com\/f2m\/wp-json\/wp\/v2\/pages\/532","targetHints":{"allow":["GET"]}}],"collection":[{"href":"https:\/\/www.fournierpolymers.com\/f2m\/wp-json\/wp\/v2\/pages"}],"about":[{"href":"https:\/\/www.fournierpolymers.com\/f2m\/wp-json\/wp\/v2\/types\/page"}],"author":[{"embeddable":true,"href":"https:\/\/www.fournierpolymers.com\/f2m\/wp-json\/wp\/v2\/users\/1"}],"replies":[{"embeddable":true,"href":"https:\/\/www.fournierpolymers.com\/f2m\/wp-json\/wp\/v2\/comments?post=532"}],"version-history":[{"count":2,"href":"https:\/\/www.fournierpolymers.com\/f2m\/wp-json\/wp\/v2\/pages\/532\/revisions"}],"predecessor-version":[{"id":550,"href":"https:\/\/www.fournierpolymers.com\/f2m\/wp-json\/wp\/v2\/pages\/532\/revisions\/550"}],"wp:attachment":[{"href":"https:\/\/www.fournierpolymers.com\/f2m\/wp-json\/wp\/v2\/media?parent=532"}],"curies":[{"name":"wp","href":"https:\/\/api.w.org\/{rel}","templated":true}]}}